{"id":8214,"date":"2023-03-02T19:55:28","date_gmt":"2023-03-02T18:55:28","guid":{"rendered":"https:\/\/www.joaocostaferreira.com\/?page_id=8214"},"modified":"2023-08-20T12:59:19","modified_gmt":"2023-08-20T10:59:19","slug":"musica-portuguesa-nos-conservatorios","status":"publish","type":"page","link":"https:\/\/www.joaocostaferreira.com\/projectos\/musica-portuguesa-nos-conservatorios\/","title":{"rendered":"M\u00fasica Portuguesa nos Conservat\u00f3rios"},"content":{"rendered":"<p><\/p>\n<div align=\"JUSTIFY\"><img loading=\"lazy\" decoding=\"async\" class=\"alignright size-medium wp-image-8219\" src=\"http:\/\/joaocostaferreira.com\/wp-content\/uploads\/2023\/03\/LogoMPC-300x126.jpg\" alt=\"\" width=\"300\" height=\"126\" srcset=\"https:\/\/www.joaocostaferreira.com\/wp-content\/uploads\/2023\/03\/LogoMPC-300x126.jpg 300w, https:\/\/www.joaocostaferreira.com\/wp-content\/uploads\/2023\/03\/LogoMPC-1024x432.jpg 1024w, https:\/\/www.joaocostaferreira.com\/wp-content\/uploads\/2023\/03\/LogoMPC-768x324.jpg 768w, https:\/\/www.joaocostaferreira.com\/wp-content\/uploads\/2023\/03\/LogoMPC-1536x647.jpg 1536w, https:\/\/www.joaocostaferreira.com\/wp-content\/uploads\/2023\/03\/LogoMPC-2048x863.jpg 2048w, https:\/\/www.joaocostaferreira.com\/wp-content\/uploads\/2023\/03\/LogoMPC-500x211.jpg 500w, https:\/\/www.joaocostaferreira.com\/wp-content\/uploads\/2023\/03\/LogoMPC-1320x556.jpg 1320w\" sizes=\"auto, (max-width: 300px) 100vw, 300px\" \/>O projecto M\u00fasica Portuguesa nos Conservat\u00f3rios consiste na realiza\u00e7\u00e3o de concertos de m\u00fasica dita erudita nos audit\u00f3rios das escolas e conservat\u00f3rios de m\u00fasica do pa\u00eds onde s\u00e3o apresentadas exclusivamente obras de compositores portugueses, com especial incid\u00eancia no repert\u00f3rio in\u00e9dito. A realiza\u00e7\u00e3o de concertos nestes espa\u00e7os foi pensada em alternativa aos circuitos tradicionais (teatros, salas de espect\u00e1culos&#8230;) para facilitar a aproxima\u00e7\u00e3o ao p\u00fablico alvo deste projecto que se constitui sobretudo de alunos e professores de m\u00fasica. As performances s\u00e3o acompanhadas de uma apresenta\u00e7\u00e3o oral das obras interpretadas \u2013 incidindo em particular sobre o contexto hist\u00f3rico das composi\u00e7\u00f5es, sobre quest\u00f5es formais, t\u00e9cnicas e est\u00e9ticas \u2013 que dever\u00e1 facilitar ao p\u00fablico a sua compreens\u00e3o e aprecia\u00e7\u00e3o.<\/p>\n<\/div>\n<div align=\"JUSTIFY\">\n<p>A ideia para este projecto nasceu de duas necessidades fundamentais. Por um lado, o repert\u00f3rio portugu\u00eas foi desde sempre escassamente interpretado e o conhecimento sobre uma boa parte dele tem sido completamente ignorado. Seja por falta de investimento ou de outros incentivos, estes factos t\u00eam dado origem a preconceitos sobre a m\u00fasica portuguesa que se t\u00eam generalizado um pouco por todo o pa\u00eds. \u00c9, por isso, premente criar est\u00edmulos para combater o desinteresse e os preconceitos que se t\u00eam vindo a perpetuar ao longo dos tempos. Por outro lado, nas \u00faltimas d\u00e9cadas, a reabilita\u00e7\u00e3o do patrim\u00f3nio musical portugu\u00eas tem sido um processo dif\u00edcil e moroso. Esta depende em parte da sustentabilidade do mercado da edi\u00e7\u00e3o musical que, por raz\u00f5es v\u00e1rias, tem sido severamente penalizado. Sem edi\u00e7\u00f5es musicais actuais n\u00e3o h\u00e1 dissemina\u00e7\u00e3o das obras dos nossos compositores e sem essa dissemina\u00e7\u00e3o condena-se ao esquecimento todo esse patrim\u00f3nio que nos pertence. Urge, por isso, sensibilizar o p\u00fablico para os problemas de que sofre a edi\u00e7\u00e3o musical e para as boas pr\u00e1ticas que podem ser determinantes para o futuro da cria\u00e7\u00e3o musical portuguesa.<\/p>\n<\/div>\n<div align=\"JUSTIFY\">\n<p>Este projecto conta j\u00e1 com tr\u00eas edi\u00e7\u00f5es realizadas em 2016, 2018 e 2023 em parceria com a editora musical portuguesa AvA Musical Editions e foi abra\u00e7ado pelas seguintes institui\u00e7\u00f5es nacionais de ensino musical:<\/p>\n<\/div>\n<ul>\n<li>Academia de Amadores de M\u00fasica de Lisboa<\/li>\n<li>Academia de M\u00fasica de Pa\u00e7os de Brand\u00e3o<\/li>\n<li>Conservat\u00f3rio de M\u00fasica do Choral Phydellius<\/li>\n<li>Academia de M\u00fasica de Santa Cec\u00edlia<\/li>\n<li>Conservat\u00f3rio de M\u00fasica de Coimbra<\/li>\n<li>Conservat\u00f3rio Regional de M\u00fasica de Vila Real<\/li>\n<li>Conservat\u00f3rio Regional de M\u00fasica de Viseu Dr. Jos\u00e9 de Azeredo Perdig\u00e3o<\/li>\n<li>Escola Art\u00edstica do Conservat\u00f3rio de M\u00fasica Calouste Gulbenkian de Aveiro<\/li>\n<li>Conservat\u00f3rio de M\u00fasica e Artes do Centro<\/li>\n<\/ul>\n<hr \/>\n<p><strong>Cartazes<\/strong><\/p>\n<p><a href=\"http:\/\/joaocostaferreira.com\/wp-content\/uploads\/2023\/02\/2023_03_03MPC3Edicao_CMAC.jpg\"><img loading=\"lazy\" decoding=\"async\" class=\"alignleft size-medium wp-image-8205\" src=\"http:\/\/joaocostaferreira.com\/wp-content\/uploads\/2023\/02\/2023_03_03MPC3Edicao_CMAC-212x300.jpg\" alt=\"\" width=\"212\" height=\"300\" srcset=\"https:\/\/www.joaocostaferreira.com\/wp-content\/uploads\/2023\/02\/2023_03_03MPC3Edicao_CMAC-212x300.jpg 212w, https:\/\/www.joaocostaferreira.com\/wp-content\/uploads\/2023\/02\/2023_03_03MPC3Edicao_CMAC-724x1024.jpg 724w, https:\/\/www.joaocostaferreira.com\/wp-content\/uploads\/2023\/02\/2023_03_03MPC3Edicao_CMAC-768x1086.jpg 768w, https:\/\/www.joaocostaferreira.com\/wp-content\/uploads\/2023\/02\/2023_03_03MPC3Edicao_CMAC-1086x1536.jpg 1086w, https:\/\/www.joaocostaferreira.com\/wp-content\/uploads\/2023\/02\/2023_03_03MPC3Edicao_CMAC.jpg 1169w\" sizes=\"auto, (max-width: 212px) 100vw, 212px\" \/><\/a><a href=\"http:\/\/joaocostaferreira.com\/wp-content\/uploads\/2023\/02\/2023_03_01CMACG.jpg\"><img loading=\"lazy\" decoding=\"async\" class=\"alignleft size-medium wp-image-8204\" src=\"http:\/\/joaocostaferreira.com\/wp-content\/uploads\/2023\/02\/2023_03_01CMACG-169x300.jpg\" alt=\"\" width=\"169\" height=\"300\" srcset=\"https:\/\/www.joaocostaferreira.com\/wp-content\/uploads\/2023\/02\/2023_03_01CMACG-169x300.jpg 169w, https:\/\/www.joaocostaferreira.com\/wp-content\/uploads\/2023\/02\/2023_03_01CMACG-576x1024.jpg 576w, https:\/\/www.joaocostaferreira.com\/wp-content\/uploads\/2023\/02\/2023_03_01CMACG-768x1365.jpg 768w, https:\/\/www.joaocostaferreira.com\/wp-content\/uploads\/2023\/02\/2023_03_01CMACG-864x1536.jpg 864w, https:\/\/www.joaocostaferreira.com\/wp-content\/uploads\/2023\/02\/2023_03_01CMACG.jpg 1080w\" sizes=\"auto, (max-width: 169px) 100vw, 169px\" \/><\/a><a href=\"http:\/\/joaocostaferreira.com\/wp-content\/uploads\/2023\/02\/2023_02_28MPC3Edicao_CRMV.jpg\"><img loading=\"lazy\" decoding=\"async\" class=\"alignleft size-medium wp-image-8203\" src=\"http:\/\/joaocostaferreira.com\/wp-content\/uploads\/2023\/02\/2023_02_28MPC3Edicao_CRMV-212x300.jpg\" alt=\"\" width=\"212\" height=\"300\" srcset=\"https:\/\/www.joaocostaferreira.com\/wp-content\/uploads\/2023\/02\/2023_02_28MPC3Edicao_CRMV-212x300.jpg 212w, https:\/\/www.joaocostaferreira.com\/wp-content\/uploads\/2023\/02\/2023_02_28MPC3Edicao_CRMV-724x1024.jpg 724w, https:\/\/www.joaocostaferreira.com\/wp-content\/uploads\/2023\/02\/2023_02_28MPC3Edicao_CRMV-768x1087.jpg 768w, https:\/\/www.joaocostaferreira.com\/wp-content\/uploads\/2023\/02\/2023_02_28MPC3Edicao_CRMV.jpg 826w\" sizes=\"auto, (max-width: 212px) 100vw, 212px\" \/><\/a><a href=\"http:\/\/joaocostaferreira.com\/wp-content\/uploads\/2018\/04\/b36777_9b0ff9d1e6074324af2.jpg\"><img loading=\"lazy\" decoding=\"async\" class=\"alignleft size-medium wp-image-1354\" src=\"http:\/\/joaocostaferreira.com\/wp-content\/uploads\/2018\/04\/b36777_9b0ff9d1e6074324af2-212x300.jpg\" alt=\"\" width=\"212\" height=\"300\" srcset=\"https:\/\/www.joaocostaferreira.com\/wp-content\/uploads\/2018\/04\/b36777_9b0ff9d1e6074324af2-212x300.jpg 212w, https:\/\/www.joaocostaferreira.com\/wp-content\/uploads\/2018\/04\/b36777_9b0ff9d1e6074324af2-768x1086.jpg 768w, https:\/\/www.joaocostaferreira.com\/wp-content\/uploads\/2018\/04\/b36777_9b0ff9d1e6074324af2-724x1024.jpg 724w, https:\/\/www.joaocostaferreira.com\/wp-content\/uploads\/2018\/04\/b36777_9b0ff9d1e6074324af2.jpg 1250w\" sizes=\"auto, (max-width: 212px) 100vw, 212px\" \/><\/a><a href=\"http:\/\/joaocostaferreira.com\/wp-content\/uploads\/2018\/03\/2018_04_19MusicaPortuguesanosComservatorios2edicao.jpg\"><img loading=\"lazy\" decoding=\"async\" class=\"alignleft size-medium wp-image-1338\" src=\"http:\/\/joaocostaferreira.com\/wp-content\/uploads\/2018\/03\/2018_04_19MusicaPortuguesanosComservatorios2edicao-212x300.jpg\" alt=\"\" width=\"212\" height=\"300\" srcset=\"https:\/\/www.joaocostaferreira.com\/wp-content\/uploads\/2018\/03\/2018_04_19MusicaPortuguesanosComservatorios2edicao-212x300.jpg 212w, https:\/\/www.joaocostaferreira.com\/wp-content\/uploads\/2018\/03\/2018_04_19MusicaPortuguesanosComservatorios2edicao-768x1086.jpg 768w, https:\/\/www.joaocostaferreira.com\/wp-content\/uploads\/2018\/03\/2018_04_19MusicaPortuguesanosComservatorios2edicao-724x1024.jpg 724w, https:\/\/www.joaocostaferreira.com\/wp-content\/uploads\/2018\/03\/2018_04_19MusicaPortuguesanosComservatorios2edicao.jpg 1754w\" sizes=\"auto, (max-width: 212px) 100vw, 212px\" \/><\/a><a href=\"http:\/\/joaocostaferreira.com\/wp-content\/uploads\/2017\/04\/Cartaz-MPnC-2017-small-file.jpg\"><img loading=\"lazy\" decoding=\"async\" class=\"alignleft size-medium wp-image-1121\" src=\"http:\/\/joaocostaferreira.com\/wp-content\/uploads\/2017\/04\/Cartaz-MPnC-2017-small-file-140x300.jpg\" alt=\"\" width=\"140\" height=\"300\" srcset=\"https:\/\/www.joaocostaferreira.com\/wp-content\/uploads\/2017\/04\/Cartaz-MPnC-2017-small-file-140x300.jpg 140w, https:\/\/www.joaocostaferreira.com\/wp-content\/uploads\/2017\/04\/Cartaz-MPnC-2017-small-file-768x1642.jpg 768w, https:\/\/www.joaocostaferreira.com\/wp-content\/uploads\/2017\/04\/Cartaz-MPnC-2017-small-file-479x1024.jpg 479w, https:\/\/www.joaocostaferreira.com\/wp-content\/uploads\/2017\/04\/Cartaz-MPnC-2017-small-file.jpg 1381w\" sizes=\"auto, (max-width: 140px) 100vw, 140px\" \/><\/a><\/p>\n<!-- AddThis Advanced Settings generic via filter on the_content --><!-- AddThis Share Buttons generic via filter on the_content -->","protected":false},"excerpt":{"rendered":"<p>O projecto M\u00fasica Portuguesa nos Conservat\u00f3rios consiste na realiza\u00e7\u00e3o de concertos de m\u00fasica dita erudita nos audit\u00f3rios das escolas e conservat\u00f3rios de m\u00fasica do pa\u00eds onde s\u00e3o apresentadas exclusivamente obras de compositores portugueses, com especial incid\u00eancia no repert\u00f3rio in\u00e9dito. A &hellip; <a href=\"https:\/\/www.joaocostaferreira.com\/projectos\/musica-portuguesa-nos-conservatorios\/\">Continuar a ler <span class=\"meta-nav\">&rarr;<\/span><\/a><!-- AddThis Advanced Settings generic via filter on get_the_excerpt --><!-- AddThis Share Buttons generic via filter on get_the_excerpt --><\/p>\n","protected":false},"author":1,"featured_media":0,"parent":3077,"menu_order":0,"comment_status":"closed","ping_status":"closed","template":"","meta":{"footnotes":""},"class_list":["post-8214","page","type-page","status-publish","hentry"],"jetpack_sharing_enabled":true,"_links":{"self":[{"href":"https:\/\/www.joaocostaferreira.com\/wp-json\/wp\/v2\/pages\/8214","targetHints":{"allow":["GET"]}}],"collection":[{"href":"https:\/\/www.joaocostaferreira.com\/wp-json\/wp\/v2\/pages"}],"about":[{"href":"https:\/\/www.joaocostaferreira.com\/wp-json\/wp\/v2\/types\/page"}],"author":[{"embeddable":true,"href":"https:\/\/www.joaocostaferreira.com\/wp-json\/wp\/v2\/users\/1"}],"replies":[{"embeddable":true,"href":"https:\/\/www.joaocostaferreira.com\/wp-json\/wp\/v2\/comments?post=8214"}],"version-history":[{"count":17,"href":"https:\/\/www.joaocostaferreira.com\/wp-json\/wp\/v2\/pages\/8214\/revisions"}],"predecessor-version":[{"id":8396,"href":"https:\/\/www.joaocostaferreira.com\/wp-json\/wp\/v2\/pages\/8214\/revisions\/8396"}],"up":[{"embeddable":true,"href":"https:\/\/www.joaocostaferreira.com\/wp-json\/wp\/v2\/pages\/3077"}],"wp:attachment":[{"href":"https:\/\/www.joaocostaferreira.com\/wp-json\/wp\/v2\/media?parent=8214"}],"curies":[{"name":"wp","href":"https:\/\/api.w.org\/{rel}","templated":true}]}}