{"id":5,"date":"2012-10-02T01:13:37","date_gmt":"2012-10-02T01:13:37","guid":{"rendered":"http:\/\/localhost\/~joaoferreira86\/wordpress\/?page_id=5"},"modified":"2026-04-24T19:37:15","modified_gmt":"2026-04-24T17:37:15","slug":"agenda","status":"publish","type":"page","link":"https:\/\/www.joaocostaferreira.com\/?page_id=5","title":{"rendered":"Agenda"},"content":{"rendered":"<p><strong>2026<\/strong><\/p>\n<ul>\n<li>22 de Novembro \u2013 Concerto no Q.Festival Portuguese Musiek (Amesterd\u00e3o, Holanda)<\/li>\n<li>1 de Novembro \u2013 Concerto de piano \u00e0 4 m\u00e3os no \u00e2mbito do ICP26 (Tavira, Portugal)<\/li>\n<li>30 de Maio \u2013 Concerto de piano a 4 m\u00e3os por ocasi\u00e3o do lan\u00e7amento do \u00e1lbum &#8220;Armande de Polignac: Piano Works&#8221; (Saint-Leu La For\u00eat, Fran\u00e7a)<\/li>\n<li>18 de Maio \u2013 \u201cRecital em d\u00f3 sustenido menor\u201d na Embaixada de Portugal (Paris, Fran\u00e7a)<\/li>\n<li><a href=\"https:\/\/www.joaocostaferreira.com\/?p=9135\">10 de Maio \u2013 \u201cRecital em d\u00f3 sustenido menor\u201d na Par\u00f3quia Saint-Merry (Paris, Fran\u00e7a)<\/a><\/li>\n<\/ul>\n<hr \/>\n<p><strong>2025<\/strong><\/p>\n<ul>\n<li><a href=\"https:\/\/www.joaocostaferreira.com\/?p=9078\">4 de Dezembro \u2013 Concerto na C\u00e2mara Municipal do 17.\u00ba Bairro de Paris (Paris, Fran\u00e7a)<\/a><\/li>\n<li><a href=\"https:\/\/www.joaocostaferreira.com\/?p=9051\">20 de Setembro \u2013 \u201cRecital em d\u00f3 sustenido menor\u201d no festival de benefic\u00eancia Donner du Sens (Sadirac, Fran\u00e7a)<\/a><\/li>\n<li><a href=\"https:\/\/www.joaocostaferreira.com\/?p=9008\">30 de Maio \u2013 &#8220;\u00c0 descoberta de Jos\u00e9 Vianna da Motta&#8221; no Pa\u00e7o Ducal (Vila Vi\u00e7osa, Portugal)<\/a><\/li>\n<li><a href=\"https:\/\/www.joaocostaferreira.com\/?p=9001\">9 a 11 de Maio \u2013 Master class na Ourearte e concerto com a Orquestra de Sopros de Our\u00e9m no Teatro Municipal de Our\u00e9m (Our\u00e9m, Portugal)<\/a><\/li>\n<li><a href=\"https:\/\/www.joaocostaferreira.com\/?p=8995\">27 de Abril \u2013 &#8220;Recital em d\u00f3 sustenido menor&#8221; na Quinta da Regaleira (Sintra, Portugal)<\/a><\/li>\n<li><a href=\"https:\/\/www.joaocostaferreira.com\/?p=8917\">25 de Janeiro \u2013 Concerto de apresenta\u00e7\u00e3o do disco &#8220;Une semaine du petit elfe ferme l&#8217;\u0153il (Suivi de La Petite Fille aux allumettes)&#8221; (Paris, Fran\u00e7a)<\/a><\/li>\n<\/ul>\n<hr \/>\n<p><strong>2024<\/strong><\/p>\n<ul>\n<li><a href=\"https:\/\/www.joaocostaferreira.com\/?p=8854\">10 de Novembro \u2013 Concerto de piano a 4 m\u00e3os na Quinta da Regaleira (Sintra, Portugal)<\/a><\/li>\n<li><a href=\"https:\/\/www.joaocostaferreira.com\/?p=8837\">31 de Outubro e 1 de Novembro \u2013 Participa\u00e7\u00e3o no Encontro da EPTA Portugal (Vila do Conde, Portugal)<\/a><\/li>\n<li><a href=\"https:\/\/www.joaocostaferreira.com\/?p=8833\">30 de Outubro \u2013 Lan\u00e7amento do CD &#8220;Jos\u00e9 Vianna da Motta: Poemas pian\u00edsticos, Vol. 2&#8221; na Funda\u00e7\u00e3o Calouste Gulbenkian (Lisboa, Portugal)<\/a><\/li>\n<li><a href=\"https:\/\/www.joaocostaferreira.com\/?p=8821\">26 de Outubro \u2013 Concerto no Convento dos Capuchos de Almada integrado no ciclo &#8220;Com ouvidos de ver&#8221; (Almada, Portugal)<\/a><\/li>\n<li><a href=\"https:\/\/www.joaocostaferreira.com\/?p=8771\" target=\"_blank\" rel=\"noopener\">22 de Setembro \u2013 Concerto de piano a 4 m\u00e3os na \u00c9glise Saint-Merry (Paris, Fran\u00e7a)<\/a><\/li>\n<li><a href=\"https:\/\/www.joaocostaferreira.com\/?p=8673\">11 de Maio \u2013 Concerto no XVIII FESTAMBO (Our\u00e9m, Portugal)<\/a><\/li>\n<li><a href=\"https:\/\/www.joaocostaferreira.com\/?p=8555\">4 de Mar\u00e7o \u2013 Concerto com o pianista Bruno Belthoise na Maison de l&#8217;\u00cele-de-France (Paris, Fran\u00e7a)<\/a><\/li>\n<li><a href=\"https:\/\/www.joaocostaferreira.com\/?p=8518\">17 de Fevereiro \u2013 Concerto com o pianista Bruno Belthoise no 8\u00ba Festival Internacional de Piano do Algarve (Portim\u00e3o, Portugal)<\/a><\/li>\n<\/ul>\n<hr \/>\n<p><strong>2023<\/strong><\/p>\n<ul>\n<li><a href=\"https:\/\/www.joaocostaferreira.com\/?p=8446\">11 de Novembro \u2013 Concerto no Pal\u00e1cio Nacional da Ajuda (Lisboa, Portugal)<\/a><\/li>\n<li><a href=\"https:\/\/www.joaocostaferreira.com\/?p=8450\">10 de Novembro \u2013 Concerto no Centro Cultural de Bel\u00e9m (Lisboa, Portugal)<\/a><\/li>\n<li><a href=\"https:\/\/www.joaocostaferreira.com\/?p=8372\">1 de Outubro \u2013 Concerto no festival de benefic\u00eancia Donner du Sens (Sadirac, Fran\u00e7a)<\/a><\/li>\n<li><a href=\"https:\/\/www.joaocostaferreira.com\/?p=8268\">18 de Abril \u2013 Concerto no Gr\u00e9mio Liter\u00e1rio (Lisboa, Portugal)<\/a><\/li>\n<li><a href=\"https:\/\/www.joaocostaferreira.com\/?p=8206\">28 de Fevereiro a 3 de Mar\u00e7o \u2013 &#8220;M\u00fasica Portuguesa nos Conservat\u00f3rios&#8221; | 3\u00aa edi\u00e7\u00e3o (Viseu, Aveiro, F\u00e1tima, Portugal)<\/a><\/li>\n<li><a href=\"https:\/\/www.joaocostaferreira.com\/?p=8183\">25 de Fevereiro \u2013 Concerto de apresenta\u00e7\u00e3o do \u00e1lbum duplo &#8220;Dialogues-Di\u00e1logos&#8221; no Museu Nacional da M\u00fasica (Lisboa, Portugal)<\/a><\/li>\n<\/ul>\n<hr \/>\n<p><strong>2022<\/strong><\/p>\n<ul>\n<li><a href=\"https:\/\/www.joaocostaferreira.com\/?p=7672\">7 de Dezembro &#8211; &#8220;\u00c0 Descoberta de Vianna da Motta&#8221; | Concerto-Confer\u00eancia no Teatro Jos\u00e9 L\u00facio da Silva (Leiria, Portugal)<\/a><\/li>\n<li><a href=\"https:\/\/www.joaocostaferreira.com\/?p=7621\">3 de Dezembro &#8211; Concerto-confer\u00eancia na Maison du Portugal | A inf\u00e2ncia de Vianna da Motta (Paris, Fran\u00e7a)<\/a><\/li>\n<li><a href=\"https:\/\/www.joaocostaferreira.com\/?p=7363\">10-12 de Novembro &#8211; XI\u00ba Encontro de Investiga\u00e7\u00e3o em M\u00fasica na Universidade de Aveiro (Aveiro, Portugal)<\/a><\/li>\n<li><a href=\"https:\/\/www.joaocostaferreira.com\/?p=7137\">6 de Novembro &#8211; Concerto-comentado na 34\u00aa Temporada M\u00fasica em S\u00e3o Roque | \u00c0 descoberta de Vianna da Motta: de 1873 a 1883 (Lisboa, Portugal)<\/a><\/li>\n<li><a href=\"https:\/\/www.joaocostaferreira.com\/?p=6854\">15 de Outubro &#8211; Concerto de lan\u00e7amento do duplo-\u00e1lbum &#8220;Dialogues | Di\u00e1logos&#8221; no Regard du Cygne (Paris, Fran\u00e7a)<\/a><\/li>\n<li><a href=\"https:\/\/www.joaocostaferreira.com\/?p=5305\">26 de Julho &#8211; Vianna da Motta e seus contempor\u00e2neos no Museu Nacional da M\u00fasica (Lisboa, Portugal)<\/a><\/li>\n<li><a href=\"https:\/\/www.joaocostaferreira.com\/?p=4419\">9 de Julho &#8211; Recital em d\u00f3 sustenido menor no Teatro Miguel Franco (Leiria, Portugal)<\/a><\/li>\n<li><a href=\"https:\/\/www.joaocostaferreira.com\/?p=4016\">10 de Junho &#8211; Concerto de piano a 4 m\u00e3os na Maison de l&#8217;\u00cele-de-France por ocasi\u00e3o da celebra\u00e7\u00e3o do Dia de Portugal (Paris, Fran\u00e7a)<\/a><\/li>\n<\/ul>\n<hr \/>\n<p><strong>2021<\/strong><\/p>\n<ul>\n<li><a href=\"https:\/\/www.joaocostaferreira.com\/?p=2951\">26 de Novembro &#8211; Concerto na temporada musical &#8220;Les Rendez-vous d&#8217;Arthur&#8221; (Le Havre, Fran\u00e7a)<\/a><\/li>\n<li><a href=\"https:\/\/www.joaocostaferreira.com\/?p=2369\">24 de Mar\u00e7o &#8211; Concerto de piano a quatro m\u00e3os com o pianista Bruno Belthoise no Audit\u00f3rio CGD do ISEG | Concerto Antena 2 (Lisboa, Portugal)<\/a><\/li>\n<li><a href=\"https:\/\/www.joaocostaferreira.com\/?p=2277\">10 de Janeiro &#8211; Concerto de piano a quatro m\u00e3os com o pianista Bruno Belthoise no Auditorium Giovaninetti (Saint-Leu La For\u00eat, Fran\u00e7a)<\/a><\/li>\n<\/ul>\n<hr \/>\n<p><strong>2020<\/strong><\/p>\n<ul>\n<li><a href=\"https:\/\/www.joaocostaferreira.com\/?p=2006\">10 de Outubro &#8211; Concerto de lan\u00e7amento do CD &#8220;Jos\u00e9 Vianna da Motta: Poemas pian\u00edsticos, Vol. 1&#8221; no Museu da M\u00fasica Portuguesa &#8211; Casa Verdades de Faria (Estoril, Portugal)<\/a><\/li>\n<li><a href=\"https:\/\/www.joaocostaferreira.com\/?p=1757\">18 de Janeiro &#8211; Piano 4 m\u00e3os no Teatro Miguel Franco (Leiria, Portugal)<\/a><\/li>\n<\/ul>\n<hr \/>\n<p><strong>2019<\/strong><\/p>\n<ul>\n<li><a href=\"https:\/\/www.joaocostaferreira.com\/?p=1737\">21 de Dezembro &#8211; Piano 4 m\u00e3os na Igreja Escocesa de Paris (Fran\u00e7a)<\/a><\/li>\n<li><a href=\"https:\/\/www.joaocostaferreira.com\/?p=1580\">4 de Julho &#8211; M\u00fasica rom\u00e2ntica de uma crian\u00e7a prod\u00edgio (Paris, Fran\u00e7a)<\/a><\/li>\n<li><a href=\"https:\/\/www.joaocostaferreira.com\/?p=1497\">14 de Junho &#8211; Concerto na Prefeitura de Bruxelas por ocasi\u00e3o do encerramento das celebra\u00e7\u00f5es do Dia de Portugal (B\u00e9lgica)<\/a><\/li>\n<li><a href=\"https:\/\/www.joaocostaferreira.com\/?p=1446\">24 de Mar\u00e7o &#8211; Homero | Um conto de Sophia de Mello Breyner (Paris, Fran\u00e7a)<\/a><\/li>\n<li><a href=\"https:\/\/www.joaocostaferreira.com\/?p=1438\">4 de Fevereiro &#8211; Recital de piano comentado no Gr\u00e9mio Liter\u00e1rio em homenagem a Jos\u00e9 Vianna da Motta (Lisboa, Portugal)<\/a><\/li>\n<li><a href=\"https:\/\/www.joaocostaferreira.com\/?p=1435\">31 de Janeiro &#8211; Concerto de piano a quatro m\u00e3os com o pianista Bruno Belthoise no Teatro Nacional de S\u00e3o Carlos | Concerto Antena 2 (Lisboa, Portugal)<\/a><\/li>\n<li><a href=\"https:\/\/www.joaocostaferreira.com\/?p=1425\">19 de Janeiro &#8211; Concerto de piano a quatro m\u00e3os com o pianista Bruno Belthoise na Galerie Au M\u00e9dicis (Paris, Fran\u00e7a)<\/a><\/li>\n<\/ul>\n<hr \/>\n<p><strong>2018<\/strong><\/p>\n<ul>\n<li><a href=\"https:\/\/www.joaocostaferreira.com\/?p=1416\">18 de Dezembro &#8211; Recital na Funda\u00e7\u00e3o Calouste Gulbenkian (Lisboa, Portugal)<\/a><\/li>\n<li><a href=\"https:\/\/www.joaocostaferreira.com\/?p=1404\">17 de Novembro &#8211; Concerto-confer\u00eancia na Maison du Portugal em homenagem a Vianna da Motta (Paris, Fran\u00e7a)<\/a><\/li>\n<li><a href=\"https:\/\/www.joaocostaferreira.com\/?p=1384\">30 de Outubro &#8211; Concerto na Casa da M\u00fasica do Porto em homenagem a Vianna da Motta (Portugal)<\/a><\/li>\n<li><a href=\"https:\/\/www.joaocostaferreira.com\/?p=1395\">26 de Outubro &#8211; Virtuosidade e Na\u00e7\u00e3o: col\u00f3quio em homenagem a Jos\u00e9 Viana da Mota (Lisboa, Portugal)<\/a><\/li>\n<li><a href=\"https:\/\/www.joaocostaferreira.com\/?p=1382\">24 de Setembro &#8211; Artigo &#8220;O virtuosismo segundo Jos\u00e9 Vianna da Motta&#8221; | Glosas (Lisboa, Portugal)<\/a><\/li>\n<li><a href=\"https:\/\/www.joaocostaferreira.com\/?p=1360\">9 de Junho &#8211; Concerto-confer\u00eancia no Conservat\u00f3rio Real de Bruxelas por ocasi\u00e3o da abertura das celebra\u00e7\u00f5es do Dia de Portugal (B\u00e9lgica)<\/a><\/li>\n<li><a href=\"https:\/\/www.joaocostaferreira.com\/?p=1355\">23 de Abril &#8211; M\u00fasica Portuguesa nos Conservat\u00f3rios | 2\u00aa edi\u00e7\u00e3o (Vila Real, Portugal)<\/a><\/li>\n<li><a href=\"https:\/\/www.joaocostaferreira.com\/?p=1348\">22 de Abril &#8211; Concerto no Museu Nacional da M\u00fasica em homenagem a Jos\u00e9 Vianna da Motta (Lisboa, Portugal)<\/a><\/li>\n<li><a href=\"https:\/\/www.joaocostaferreira.com\/?p=1339\">19 de Abril &#8211; M\u00fasica Portuguesa nos Conservat\u00f3rios | 2\u00aa edi\u00e7\u00e3o (Coimbra, Portugal)<\/a><\/li>\n<li><a href=\"https:\/\/www.joaocostaferreira.com\/?p=1304\">9 de Mar\u00e7o &#8211; Concerto de lan\u00e7amento do CD &#8220;Viana da Mota: Piano Works&#8221; na Galerie Au M\u00e9dicis (Paris, Fran\u00e7a)<\/a><\/li>\n<li><a href=\"https:\/\/www.joaocostaferreira.com\/?p=1272\">9 de Fevereiro &#8211; Lan\u00e7amento oficial do CD &#8220;Viana da Mota: Piano Works&#8221;<\/a><\/li>\n<li><a href=\"https:\/\/www.joaocostaferreira.com\/?p=1244\">19 de Janeiro &#8211; &#8220;Valses, mazurkas, polkas, rhapsodies du compositeur Jos\u00e9 Vianna da Motta&#8221; | Concerto-Confer\u00eancia na Maison de la Musique de Nanterre (Fran\u00e7a)<\/a><\/li>\n<\/ul>\n<hr \/>\n<p><strong>2017<\/strong><\/p>\n<ul>\n<li><a href=\"https:\/\/www.joaocostaferreira.com\/?p=1212\">27 e 28 de Outubro &#8211; Concertos de apresenta\u00e7\u00e3o do \u00e1lbum &#8220;LISBOA-PARIS Bruno Belthoise &amp; Ensembles&#8221; (Lisboa, Estoril, Portugal)<\/a><\/li>\n<li><a href=\"https:\/\/www.joaocostaferreira.com\/?p=1178\">19 de Setembro &#8211; Concerto de lan\u00e7amento do duplo \u00e1lbum &#8220;LISBOA-PARIS Bruno Belthoise &amp; Ensembles&#8221; (Paris, Fran\u00e7a)<\/a><\/li>\n<li><a href=\"https:\/\/www.joaocostaferreira.com\/?p=1122\">27 de Maio a 6 de Junho &#8211; M\u00fasica Portuguesa nos Conservat\u00f3rios | 1\u00aa edi\u00e7\u00e3o (Lisboa, Pa\u00e7os de Brand\u00e3o, Torres Novas, Portugal)<\/a><\/li>\n<li><a href=\"https:\/\/www.joaocostaferreira.com\/?p=1106\">23 de Fevereiro &#8211; Obras para piano de Vianna da Motta no Audit\u00f3rio CGD do ISEG | Concerto Antena 2 (Lisboa, Portugal)<\/a><\/li>\n<li><a href=\"https:\/\/www.joaocostaferreira.com\/?p=1092\">21 de Janeiro &#8211; &#8220;\u00c0 Descoberta de Vianna da Motta&#8221; | Concerto-Confer\u00eancia no Teatro Jos\u00e9 L\u00facio da Silva (Leiria, Portugal)<\/a><\/li>\n<\/ul>\n<hr \/>\n<p><strong>2016<\/strong><\/p>\n<ul>\n<li><a href=\"https:\/\/www.joaocostaferreira.com\/?p=1073\">17 de Dezembro &#8211; Concerto de piano a quatro m\u00e3os com o pianista Bruno Belthoise na Scots Kirk Paris (Fran\u00e7a)<\/a><\/li>\n<li><a href=\"https:\/\/www.joaocostaferreira.com\/?p=1017\">5 de Dezembro &#8211; Homero | Um conto de Sophia de Mello Breyner (Lion, Fran\u00e7a)<\/a><\/li>\n<li><a href=\"https:\/\/www.joaocostaferreira.com\/?p=1010\">24 de Novembro &#8211; Concerto de piano a quatro m\u00e3os com o pianista Bruno Belthoise no Audit\u00f3rio CGD do ISEG | Concerto Antena 2 (Lisboa, Portugal)<\/a><\/li>\n<li><a href=\"https:\/\/www.joaocostaferreira.com\/?p=1001\">13 de Novembro &#8211; Concerto de piano a quatro m\u00e3os com o pianista Bruno Belthoise no Audit\u00f3rio Giovaninetti (Saint-Leu-la-For\u00eat, Fran\u00e7a)<\/a><\/li>\n<li><a href=\"https:\/\/www.joaocostaferreira.com\/?p=953\">23 de Setembro &#8211; Homero | Um conto de Sophia de Mello Breyner (Paris, Fran\u00e7a)<\/a><\/li>\n<li><a href=\"https:\/\/www.joaocostaferreira.com\/?p=907\">18 de Junho &#8211; Recital &#8220;Vianna da Motta&#8221; na Maison du Portugal (Paris, Fran\u00e7a)<\/a><\/li>\n<li><a href=\"https:\/\/www.joaocostaferreira.com\/?p=927\">12 de Junho &#8211; Concerto de piano a quatro m\u00e3os com o pianista Bruno Belthoise (Vigoux, Fran\u00e7a)<\/a><\/li>\n<li><a href=\"https:\/\/www.joaocostaferreira.com\/?p=913\">22 de Maio &#8211; Concerto de piano a quatro m\u00e3os com o pianista Bruno Belthoise (Paris, Fran\u00e7a)<\/a><\/li>\n<li><a href=\"https:\/\/www.joaocostaferreira.com\/?p=865\">14 de Maio &#8211; Concerto no Teatro Rivoli (Porto, Portugal)<\/a><\/li>\n<li><a href=\"https:\/\/www.joaocostaferreira.com\/?p=919\">2 de Maio &#8211; Concerto pr\u00e9-abertura do 34\u00ba Festival M\u00fasica em Leiria (Portugal)<\/a><\/li>\n<li><a href=\"https:\/\/www.joaocostaferreira.com\/?p=872\">24 de Abril &#8211; Recital no Pianola Museum (Amesterd\u00e3o, Holanda)<\/a><\/li>\n<li><a href=\"https:\/\/www.joaocostaferreira.com\/?p=856\">9 de Janeiro &#8211; Recital de Ano Novo no Teatro Stephens (Marinha Grande, Portugal)<\/a><\/li>\n<\/ul>\n<hr \/>\n<p><strong>2015<\/strong><\/p>\n<ul>\n<li><a href=\"https:\/\/www.joaocostaferreira.com\/?p=739\">11 de Mar\u00e7o &#8211; Concerto na Biblioth\u00e8que Polonaise de Paris (Fran\u00e7a)<\/a><\/li>\n<li><a href=\"https:\/\/www.joaocostaferreira.com\/?p=732\">3 de Mar\u00e7o &#8211; Concerto na Salle Cortot (Paris, Fran\u00e7a)<\/a><\/li>\n<li><a href=\"https:\/\/www.joaocostaferreira.com\/?p=727\">24 de Fevereiro &#8211; Recital na Igreja Saint-Philippe du Roule (Paris, Fran\u00e7a)<\/a><\/li>\n<\/ul>\n<hr \/>\n<p><strong>2014<\/strong><\/p>\n<ul>\n<li><a href=\"https:\/\/www.joaocostaferreira.com\/?p=693\">11 de Dezembro &#8211; Concerto na Salle Cortot (Paris, Fran\u00e7a)<\/a><\/li>\n<li><a href=\"https:\/\/www.joaocostaferreira.com\/?p=605\">21 de Junho &#8211; Concerto na &#8220;F\u00eate de la Musique&#8221; (Paris, Fran\u00e7a)<\/a><\/li>\n<li><a href=\"https:\/\/www.joaocostaferreira.com\/?p=593\">2 de Junho &#8211; Recital no Pal\u00e1cio Foz, Sala dos Espelhos (Lisboa, Portugal)<\/a><\/li>\n<li><a href=\"https:\/\/www.joaocostaferreira.com\/?p=470\">18 de Maio &#8211; Recital no Festival &#8220;Musiques \u00e0 B\u00e9thanie&#8221; | 4\u00aa Temporada (Paris, Fran\u00e7a)<\/a><\/li>\n<li><a href=\"https:\/\/www.joaocostaferreira.com\/?p=541\">25 de Mar\u00e7o &#8211; Concerto na Salle Cortot (Paris, Fran\u00e7a)<\/a><\/li>\n<li><a href=\"https:\/\/www.joaocostaferreira.com\/?p=578\">8 de Mar\u00e7o &#8211; Recital na Scots Kirk de Paris (Fran\u00e7a)<\/a><\/li>\n<li><a href=\"https:\/\/www.joaocostaferreira.com\/?p=570\">22 de Fevereiro &#8211; Recital no Pianola Museum (Amesterd\u00e3o, Holanda)<\/a><\/li>\n<li><a href=\"https:\/\/www.joaocostaferreira.com\/?p=550\">7 de Fevereiro &#8211; &#8220;Brises Musicales Europ\u00e9ennes&#8221; (Paris, Fran\u00e7a)<\/a><\/li>\n<li><a href=\"https:\/\/www.joaocostaferreira.com\/?p=530\">11 de Janeiro &#8211; Concerto no Palais d&#8217;I\u00e9na | Exposi\u00e7\u00e3o sobre Auguste Perret (Paris, Fran\u00e7a)<\/a><\/li>\n<\/ul>\n<hr \/>\n<p><strong>2013<\/strong><\/p>\n<ul>\n<li><a href=\"https:\/\/www.joaocostaferreira.com\/?p=521\">4 de Dezembro &#8211; Concerto da Associa\u00e7\u00e3o International Dimitri Shostakovich (Paris, Fran\u00e7a)<\/a><\/li>\n<li><a href=\"https:\/\/www.joaocostaferreira.com\/?p=500\">16 de Novembro &#8211; Orador no TEDxYouth@Leiria (Portugal)<\/a><\/li>\n<li><a href=\"https:\/\/www.joaocostaferreira.com\/?p=460\">15 de Novembro &#8211; Concerto com a Orquestra Filarmonia das Beiras (Leiria, Portugal)<\/a><\/li>\n<li><a href=\"https:\/\/www.joaocostaferreira.com\/?p=449\">17 de Outubro &#8211; Concerto na Salle Cortot (Paris, Fran\u00e7a)<\/a><\/li>\n<li><a href=\"https:\/\/www.joaocostaferreira.com\/?p=413\">8 de Setembro &#8211; Concerto na Cath\u00e9drale Sainte-Croix-des-Arm\u00e9niens (Paris, Fran\u00e7a)<\/a><\/li>\n<li><a href=\"https:\/\/www.joaocostaferreira.com\/?p=368\">24 de Maio &#8211; Concerto no Festival &#8220;Musiques \u00e0 B\u00e9thanie&#8221; (Paris, Fran\u00e7a)<\/a><\/li>\n<li><a href=\"https:\/\/www.joaocostaferreira.com\/?p=325\">28 de Mar\u00e7o &#8211; Concerto na Salle Cortot (Paris, Fran\u00e7a)<\/a><\/li>\n<li><a href=\"https:\/\/www.joaocostaferreira.com\/?p=343\">18 e 19 de Mar\u00e7o &#8211; 2\u00aa Masterclasse no Centro Cultural Gon\u00e7alves Sapinho (Benedita, Portugal)<\/a><\/li>\n<\/ul>\n<hr \/>\n<p><strong>2012<\/strong><\/p>\n<ul>\n<li><a href=\"https:\/\/www.joaocostaferreira.com\/?p=130\">27 de Julho &#8211; Concerto na Mairie du Mont-Dore (Mont-Dore, Fran\u00e7a)<\/a><\/li>\n<li><a href=\"https:\/\/www.joaocostaferreira.com\/?p=133\">De 19 a 31 de Julho &#8211; Est\u00e1gio de piano em Mont-Dore (Mont-Dore, Fran\u00e7a)<\/a><\/li>\n<li><a href=\"https:\/\/www.joaocostaferreira.com\/?p=129\">5 e 6 de Julho &#8211; Masterclasse no Centro Cultural Gon\u00e7alves Sapinho (Benedita, Portugal)<\/a><\/li>\n<li><a href=\"https:\/\/www.joaocostaferreira.com\/?p=134\">De 24 a 30 de Mar\u00e7o &#8211; &#8220;As Li\u00e7\u00f5es dos Jovens Mestres&#8221; (Portugal)<\/a><\/li>\n<li><a href=\"https:\/\/www.joaocostaferreira.com\/?p=135\">15 de Mar\u00e7o &#8211; Concerto na Salle Cortot (Paris, Fran\u00e7a)<\/a><\/li>\n<\/ul>\n<hr \/>\n<p><strong>2011<\/strong><\/p>\n<ul>\n<li><a href=\"https:\/\/www.joaocostaferreira.com\/?p=137\">De 16 a 29 de Julho &#8211; Est\u00e1gio de piano em Mont-Dore (Mont-Dore, Fran\u00e7a)<\/a><\/li>\n<li><a href=\"https:\/\/www.joaocostaferreira.com\/?p=136\">16 de Julho &#8211; Concerto na Mairie du Mont-Dore (Mont-Dore, Fran\u00e7a)<\/a><\/li>\n<\/ul>\n<hr \/>\n<p><strong>2010<\/strong><\/p>\n<ul>\n<li><a href=\"https:\/\/www.joaocostaferreira.com\/?p=140\">20 de Junho &#8211; Concerto no Centro Cultural e Congressos das Caldas da Rainha (Caldas da Rainha, Portugal)<\/a><\/li>\n<li><a href=\"https:\/\/www.joaocostaferreira.com\/?p=141\">6 de Abril &#8211; Concerto no Conservatoire Municipal Fran\u00e7ois-Joseph Gossec (Gagny, Fran\u00e7a)<\/a><\/li>\n<li><a href=\"https:\/\/joaocostaferreira.blogspot.com\/2010\/01\/concert-de-midi-et-demi.html\">21 de Janeiro &#8211; Concerto na Salle Cortot (Paris, Fran\u00e7a)<\/a><\/li>\n<\/ul>\n<hr \/>\n<p><strong>2009<\/strong><\/p>\n<ul>\n<li><a href=\"https:\/\/www.joaocostaferreira.com\/?p=146\">12 de Maio &#8211; Concerto na Salle Cortot (Paris, Fran\u00e7a)<\/a><\/li>\n<li><a href=\"https:\/\/www.joaocostaferreira.com\/?p=147\">3 de Abril &#8211; Concerto na Funda\u00e7\u00e3o Portuguesa das Comunica\u00e7\u00f5es com transmiss\u00e3o em directo para a Antena 2 (Lisboa, Portugal)<\/a><\/li>\n<li><a href=\"https:\/\/www.joaocostaferreira.com\/?p=148\">31 de Mar\u00e7o &#8211; Concerto no Conservat\u00f3rio de Our\u00e9m (Our\u00e9m, Portugal)<\/a><\/li>\n<li><a href=\"https:\/\/www.joaocostaferreira.com\/?p=149\">27 de Mar\u00e7o &#8211; Concerto no Collegium Musicum de Seia (Seia, Portugal)<\/a><\/li>\n<li><a href=\"https:\/\/www.joaocostaferreira.com\/?p=150\">4 de Mar\u00e7o &#8211; Concerto na Salle Cortot (Paris, Fran\u00e7a)<\/a><\/li>\n<\/ul>\n<hr \/>\n<p><strong>2008<\/strong><\/p>\n<ul>\n<li><a href=\"https:\/\/www.joaocostaferreira.com\/?p=151\">8 de Junho &#8211; Concerto no Cine-Teatro Municipal de Our\u00e9m (Our\u00e9m, Portugal)<\/a><\/li>\n<\/ul>\n<hr \/>\n<p><strong>2007<\/strong><\/p>\n<ul>\n<li><a href=\"https:\/\/www.joaocostaferreira.com\/?p=152\">9 de Novembro &#8211; Concerto no Teatro Miguel Franco de Leiria (Leiria, Portugal)<\/a><\/li>\n<\/ul>\n<p><\/p>\n<!-- AddThis Advanced Settings generic via filter on the_content --><!-- AddThis Share Buttons generic via filter on the_content -->","protected":false},"excerpt":{"rendered":"<p>2026 22 de Novembro \u2013 Concerto no Q.Festival Portuguese Musiek (Amesterd\u00e3o, Holanda) 1 de Novembro \u2013 Concerto de piano \u00e0 4 m\u00e3os no \u00e2mbito do ICP26 (Tavira, Portugal) 30 de Maio \u2013 Concerto de piano a 4 m\u00e3os por ocasi\u00e3o &hellip; <a href=\"https:\/\/www.joaocostaferreira.com\/?page_id=5\">Continuar a ler <span class=\"meta-nav\">&rarr;<\/span><\/a><!-- AddThis Advanced Settings generic via filter on get_the_excerpt --><!-- AddThis Share Buttons generic via filter on get_the_excerpt --><\/p>\n","protected":false},"author":1,"featured_media":0,"parent":0,"menu_order":1,"comment_status":"closed","ping_status":"closed","template":"sidebar-page.php","meta":{"footnotes":""},"class_list":["post-5","page","type-page","status-publish","hentry"],"jetpack_sharing_enabled":true,"_links":{"self":[{"href":"https:\/\/www.joaocostaferreira.com\/index.php?rest_route=\/wp\/v2\/pages\/5","targetHints":{"allow":["GET"]}}],"collection":[{"href":"https:\/\/www.joaocostaferreira.com\/index.php?rest_route=\/wp\/v2\/pages"}],"about":[{"href":"https:\/\/www.joaocostaferreira.com\/index.php?rest_route=\/wp\/v2\/types\/page"}],"author":[{"embeddable":true,"href":"https:\/\/www.joaocostaferreira.com\/index.php?rest_route=\/wp\/v2\/users\/1"}],"replies":[{"embeddable":true,"href":"https:\/\/www.joaocostaferreira.com\/index.php?rest_route=%2Fwp%2Fv2%2Fcomments&post=5"}],"version-history":[{"count":261,"href":"https:\/\/www.joaocostaferreira.com\/index.php?rest_route=\/wp\/v2\/pages\/5\/revisions"}],"predecessor-version":[{"id":9139,"href":"https:\/\/www.joaocostaferreira.com\/index.php?rest_route=\/wp\/v2\/pages\/5\/revisions\/9139"}],"wp:attachment":[{"href":"https:\/\/www.joaocostaferreira.com\/index.php?rest_route=%2Fwp%2Fv2%2Fmedia&parent=5"}],"curies":[{"name":"wp","href":"https:\/\/api.w.org\/{rel}","templated":true}]}}